{"id":2400,"date":"2024-05-13T19:03:37","date_gmt":"2024-05-13T17:03:37","guid":{"rendered":"https:\/\/formacionmasculinidades.umh.es\/?page_id=2400"},"modified":"2024-06-10T17:31:24","modified_gmt":"2024-06-10T15:31:24","slug":"temario-corresponsabilidad","status":"publish","type":"page","link":"https:\/\/formacionmasculinidades.umh.es\/ca\/oferta-formativa\/hombres-corresponsabilidad\/temario-corresponsabilidad\/","title":{"rendered":"Borrador autom\u00e1tico"},"content":{"rendered":"<p>[et_pb_section fb_built=&#8221;1&#8243; _builder_version=&#8221;4.17.4&#8243; _module_preset=&#8221;default&#8221; background_enable_color=&#8221;off&#8221; background_image=&#8221;https:\/\/formacionmasculinidades.umh.es\/files\/2024\/06\/banner-masculinidades-1.png&#8221; width=&#8221;100%&#8221; module_alignment=&#8221;center&#8221; height=&#8221;270px&#8221; height_tablet=&#8221;270px&#8221; height_phone=&#8221;270px&#8221; height_last_edited=&#8221;on|phone&#8221; collapsed=&#8221;off&#8221; global_colors_info=&#8221;{}&#8221; theme_builder_area=&#8221;post_content&#8221;][\/et_pb_section][et_pb_section fb_built=&#8221;1&#8243; _builder_version=&#8221;4.17.4&#8243; _module_preset=&#8221;default&#8221; global_colors_info=&#8221;{}&#8221;][et_pb_row _builder_version=&#8221;4.17.4&#8243; _module_preset=&#8221;default&#8221; global_colors_info=&#8221;{}&#8221;][et_pb_column type=&#8221;4_4&#8243; _builder_version=&#8221;4.17.4&#8243; _module_preset=&#8221;default&#8221; global_colors_info=&#8221;{}&#8221;][et_pb_menu menu_id=&#8221;1463477&#8243; menu_style=&#8221;centered&#8221; active_link_color=&#8221;#538135&#8243; dropdown_menu_bg_color=&#8221;RGBA(255,255,255,0)&#8221; dropdown_menu_line_color=&#8221;#538135&#8243; dropdown_menu_text_color=&#8221;#538135&#8243; _builder_version=&#8221;4.17.4&#8243; _module_preset=&#8221;default&#8221; menu_font=&#8221;|700|||||||&#8221; menu_text_color=&#8221;#538135&#8243; menu_font_size=&#8221;20px&#8221; border_width_all=&#8221;3px&#8221; border_color_all=&#8221;#538135&#8243; global_colors_info=&#8221;{}&#8221;][\/et_pb_menu][\/et_pb_column][\/et_pb_row][\/et_pb_section][et_pb_section fb_built=&#8221;1&#8243; _builder_version=&#8221;4.17.4&#8243; _module_preset=&#8221;default&#8221; global_colors_info=&#8221;{}&#8221;][et_pb_row _builder_version=&#8221;4.17.4&#8243; _module_preset=&#8221;default&#8221; global_colors_info=&#8221;{}&#8221;][et_pb_column type=&#8221;4_4&#8243; _builder_version=&#8221;4.17.4&#8243; _module_preset=&#8221;default&#8221; global_colors_info=&#8221;{}&#8221;][et_pb_text admin_label=&#8221;temario&#8221; _builder_version=&#8221;4.17.4&#8243; _module_preset=&#8221;default&#8221; global_colors_info=&#8221;{}&#8221;]<\/p>\n<h2 style=\"text-align: center\"><strong>Temario<\/strong><\/h2>\n<p>[\/et_pb_text][et_pb_divider color=&#8221;#538135&#8243; _builder_version=&#8221;4.17.4&#8243; _module_preset=&#8221;default&#8221; global_colors_info=&#8221;{}&#8221;][\/et_pb_divider][et_pb_text admin_label=&#8221;detalles &#8221; _builder_version=&#8221;4.17.4&#8243; _module_preset=&#8221;default&#8221; global_colors_info=&#8221;{}&#8221;]<\/p>\n<p style=\"text-align: justify\">Este curso <strong>\u201cHOMBRES Y CORRESPONSABILIDAD\u201d<\/strong> consta de 8 temas.<\/p>\n<p>[\/et_pb_text][et_pb_text admin_label=&#8221;detalles tabla general&#8221; _builder_version=&#8221;4.17.4&#8243; _module_preset=&#8221;default&#8221; global_colors_info=&#8221;{}&#8221;]<\/p>\n<table>\n<tbody>\n<tr>\n<td style=\"width: 550px\" colspan=\"2\">\n<p style=\"text-align: center\"><strong>TEMAS<\/strong><\/p>\n<\/td>\n<\/tr>\n<tr>\n<td style=\"width: 62.4219px\">\n<p><strong>TEMA 1<\/strong><\/p>\n<\/td>\n<td style=\"width: 481.578px\">\n<p>CONCEPTOS B\u00c1SICOS SOBRE IGUALDAD DE G\u00c9NERO<\/p>\n<\/td>\n<\/tr>\n<tr>\n<td style=\"width: 62.4219px\">\n<p><strong>TEMA 2<\/strong><\/p>\n<\/td>\n<td style=\"width: 481.578px\">\n<p>LOS HOMBRES Y LAS MASCULINIDAD(ES): APROXIMACI\u00d3N DESDE LA IGUALDAD<\/p>\n<\/td>\n<\/tr>\n<tr>\n<td style=\"width: 62.4219px\">\n<p><strong>TEMA 3<\/strong><\/p>\n<\/td>\n<td style=\"width: 481.578px\">\n<p>SOCIALIZACI\u00d3N DIFERENCIADA, HOMBRES Y MANDATOS DE G\u00c9NERO<\/p>\n<\/td>\n<\/tr>\n<tr>\n<td style=\"width: 62.4219px\">\n<p><strong>TEMA 4<\/strong><\/p>\n<\/td>\n<td style=\"width: 481.578px\">\n<p>EL FEMINISMO Y LOS HOMBRES<\/p>\n<\/td>\n<\/tr>\n<tr>\n<td style=\"width: 62.4219px\">\n<p><strong>TEMA 5<\/strong><\/p>\n<\/td>\n<td style=\"width: 481.578px\">\n<p>HOMBRES, IGUALDAD, G\u00c9NERO Y TRABAJO<\/p>\n<\/td>\n<\/tr>\n<tr>\n<td style=\"width: 62.4219px\">\n<p><strong>TEMA 6<\/strong><\/p>\n<\/td>\n<td style=\"width: 481.578px\">\n<p>HOMBRES Y CUIDADOS<\/p>\n<\/td>\n<\/tr>\n<tr>\n<td style=\"width: 62.4219px\">\n<p><strong>TEMA 7<\/strong><\/p>\n<\/td>\n<td style=\"width: 481.578px\">\n<p>HOMBRES Y CORRESPONSABILIDAD: <em>HOMO RESPONSABLES<\/em><\/p>\n<\/td>\n<\/tr>\n<tr>\n<td style=\"width: 62.4219px\">\n<p><strong>TEMA 8<\/strong><\/p>\n<\/td>\n<td style=\"width: 481.578px\">\n<p>HOMBRES Y CORRESPONSABILIDAD CON PERSPECTIVA DE G\u00c9NERO<\/p>\n<\/td>\n<\/tr>\n<\/tbody>\n<\/table>\n<p>[\/et_pb_text][et_pb_text admin_label=&#8221;Texto nexo&#8221; _builder_version=&#8221;4.17.4&#8243; _module_preset=&#8221;default&#8221; global_colors_info=&#8221;{}&#8221;]<\/p>\n<p style=\"text-align: justify\">A continuaci\u00f3n, detallamos los 8 temas y las clases de cada tema, as\u00ed como el profesorado que la imparte.<\/p>\n<p>[\/et_pb_text][et_pb_text admin_label=&#8221;tabla clases&#8221; _builder_version=&#8221;4.17.4&#8243; _module_preset=&#8221;default&#8221; global_colors_info=&#8221;{}&#8221;]<\/p>\n<p style=\"text-align: center\"><span style=\"color: #538135\"><strong>TEMA 1<br \/><\/strong><strong>\u00a0CONCEPTOS B\u00c1SICOS SOBRE IGUALDAD DE G\u00c9NERO<\/strong><\/span><\/p>\n<table>\n<tbody>\n<tr>\n<td><strong>CLASES<\/strong><\/td>\n<td><strong>TITULO DE LAS CLASES<\/strong><\/td>\n<td><strong>PROFESORADO<\/strong><\/td>\n<\/tr>\n<tr>\n<td>1.1<\/td>\n<td>Introducci\u00f3n: conceptos b\u00e1sicos sobre igualdad de g\u00e9nero.<\/td>\n<td>Anastasia T\u00e9llez Infantes<\/td>\n<\/tr>\n<tr>\n<td>1.2<\/td>\n<td>Recorriendo los \u00faltimos 50 a\u00f1os con gafas violetas.<\/td>\n<td>Anastasia T\u00e9llez Infantes<\/td>\n<\/tr>\n<tr>\n<td>1.3<\/td>\n<td>Patriarcado, machismo, androcentrismo, feminismo. Igualdad de g\u00e9nero-equidad de g\u00e9nero.<\/td>\n<td>Mar Maci\u00e1 D\u00edaz<\/td>\n<\/tr>\n<tr>\n<td>1.4<\/td>\n<td>Sexo biol\u00f3gico. Sexo social. G\u00e9nero. Sexualidad. Identidad de g\u00e9nero.<\/td>\n<td>Anastasia T\u00e9llez Infantes<\/td>\n<\/tr>\n<tr>\n<td>1.5<\/td>\n<td>Relaciones jer\u00e1rquicas de poder y g\u00e9nero. La construcci\u00f3n cultural de las desigualdades sociales.<\/td>\n<td>Mar Maci\u00e1 D\u00edaz<\/td>\n<\/tr>\n<tr>\n<td>1.6<\/td>\n<td>Micromachismos. Concreciones de las desigualdades de g\u00e9nero.<\/td>\n<td>Anastasia T\u00e9llez Infantes<\/td>\n<\/tr>\n<tr>\n<td>1.7<\/td>\n<td>\u00bfC\u00f3mo el machismo y el patriarcado perjudican a hombres y mujeres?<\/td>\n<td>Anastasia T\u00e9llez Infantes<\/td>\n<\/tr>\n<tr>\n<td>1.8<\/td>\n<td>Perspectiva de g\u00e9nero. <em>Mainstreaming <\/em>de g\u00e9nero. Transversalidad.<\/td>\n<td>Mar Maci\u00e1 D\u00edaz<\/td>\n<\/tr>\n<tr>\n<td>1.9<\/td>\n<td>La coeducaci\u00f3n: herramienta de transformaci\u00f3n social.<\/td>\n<td>Mar Maci\u00e1 D\u00edaz<\/td>\n<\/tr>\n<tr>\n<td>1.10<\/td>\n<td>Violencia(s) de g\u00e9nero: tipos y el papel de los hombres.<\/td>\n<td>Anastasia T\u00e9llez Infantes<\/td>\n<\/tr>\n<tr>\n<td>1.11<\/td>\n<td>\u00bfHombres feministas-masculinidades igualitarias?<\/td>\n<td>Anastasia T\u00e9llez Infantes<\/td>\n<\/tr>\n<tr>\n<td>1.12<\/td>\n<td>Instrumentos y mecanismos normativos en el \u00e1mbito internacional-europeo para la consecuci\u00f3n de la igualdad efectiva de mujeres y hombres. Del <em>soft<\/em> al <em>hard law<\/em>.<\/td>\n<td>Amparo Calabuig Puig<\/td>\n<\/tr>\n<tr>\n<td>1.13<\/td>\n<td>Marco jur\u00eddico estatal multinivel en el \u00e1mbito de la igualdad efectiva de mujeres y hombres. De la LO 3\/2007 a los Decretos 901 y 902\/2020, avances y resistencias.<\/td>\n<td>Amparo Calabuig Puig<\/td>\n<\/tr>\n<tr>\n<td>1.14<\/td>\n<td>Marco jur\u00eddico y pol\u00edticas p\u00fablicas en materia de masculinidades \u00bfDe la inclusi\u00f3n indirecta a la menci\u00f3n expresa?<\/td>\n<td>Amparo Calabuig Puig<\/td>\n<\/tr>\n<tr>\n<td>1.15<\/td>\n<td>Masculinidades, g\u00e9nero e igualdad.<\/td>\n<td>Anastasia T\u00e9llez Infantes<\/td>\n<\/tr>\n<\/tbody>\n<\/table>\n<p><strong>\u00a0<\/strong><\/p>\n<p style=\"text-align: center\"><span style=\"color: #538135\"><strong>TEMA 2<br \/><\/strong><strong>LOS HOMBRES Y LAS MASCULINIDAD(ES): <\/strong><strong>APROXIMACI\u00d3N DESDE LA IGUALDAD<\/strong><strong>\u00a0<\/strong><\/span><\/p>\n<table>\n<tbody>\n<tr>\n<td><strong>CLASES<\/strong><\/td>\n<td><strong>TITULO DE LAS CLASES<\/strong><\/td>\n<td><strong>PROFESORADO<\/strong><\/td>\n<\/tr>\n<tr>\n<td>2.1<\/td>\n<td>Introducci\u00f3n: hombres, cultura y g\u00e9nero.<\/td>\n<td>Anastasia T\u00e9llez Infantes<\/td>\n<\/tr>\n<tr>\n<td>2.2<\/td>\n<td>Qu\u00e9 es ser hombre. Identidad, honor y virilidad masculina.<\/td>\n<td>Jorge Cascales Ribera<\/td>\n<\/tr>\n<tr>\n<td>2.3<\/td>\n<td>Hegemon\u00eda y masculinidad hegem\u00f3nica.<\/td>\n<td>Jorge Cascales Ribera<\/td>\n<\/tr>\n<tr>\n<td>2.4<\/td>\n<td>Mandatos de la masculinidad. Deborah S. David y Robert Brannon.<\/td>\n<td>Jorge Cascales Ribera<\/td>\n<\/tr>\n<tr>\n<td>2.5<\/td>\n<td>Ser hombre y demostrar ser hombre. La violencia simb\u00f3lica como eje vertebrador de las masculinidades: la triada de la violencia.<\/td>\n<td>Jorge Cascales Ribera<\/td>\n<\/tr>\n<tr>\n<td>2.6<\/td>\n<td>La funci\u00f3n social masculina: Gilmore y las tres p\u2019s.<\/td>\n<td>Jorge Cascales Ribera<\/td>\n<\/tr>\n<tr>\n<td>2.7<\/td>\n<td>Masculinidades en plural. Clasificaci\u00f3n de Connell.<\/td>\n<td>Jorge Cascales Ribera<\/td>\n<\/tr>\n<tr>\n<td>2.8<\/td>\n<td>Masculinidades h\u00edbridas: interseccionalidad y singularidad ante la corriente hegem\u00f3nica. Capacidad de cambio m\u00e1s all\u00e1 de la tendencia.<\/td>\n<td>Jorge Cascales Ribera<\/td>\n<\/tr>\n<tr>\n<td>2.9<\/td>\n<td>Una lectura socioantropol\u00f3gica de la masculinidad<\/td>\n<td>Joan Sanf\u00e9lix Albelda<\/td>\n<\/tr>\n<tr>\n<td>2.10<\/td>\n<td>Masculinidad y ritual: cuando lo biol\u00f3gico no es suficiente<\/td>\n<td>Joan Sanf\u00e9lix Albelda<\/td>\n<\/tr>\n<tr>\n<td>2.11<\/td>\n<td>Rituales de masculinidad en otras culturas (no occidentales)<\/td>\n<td>Joan Sanf\u00e9lix Albelda<\/td>\n<\/tr>\n<tr>\n<td>2.12<\/td>\n<td>Ritualizaciones de masculinidad en contextos festivos<\/td>\n<td>Joan Sanf\u00e9lix Albelda<\/td>\n<\/tr>\n<tr>\n<td>2.13<\/td>\n<td>Lo hegem\u00f3nico, lo tradicional y lo t\u00f3xico<\/td>\n<td>Joan Sanf\u00e9lix Albelda<\/td>\n<\/tr>\n<tr>\n<td>2.14<\/td>\n<td>Nuevas masculinidades y masculinidades igualitarias: apuntes introductorios<\/td>\n<td>Joan Sanf\u00e9lix Albelda<\/td>\n<\/tr>\n<tr>\n<td>2.15<\/td>\n<td>Pinceladas sobre lo mitopo\u00e9tico, lo masculinista y sus derivas actuales<\/td>\n<td>Joan Sanf\u00e9lix Albelda<\/td>\n<\/tr>\n<\/tbody>\n<\/table>\n<p><strong>\u00a0<\/strong><\/p>\n<p style=\"text-align: center\"><span style=\"color: #538135\"><strong>TEMA 3<br \/><\/strong><strong>SOCIALIZACI\u00d3N DIFERENCIADA, HOMBRES Y MANDATOS DE G\u00c9NERO<\/strong><\/span><\/p>\n<table>\n<tbody>\n<tr>\n<td><strong>CLASES<\/strong><\/td>\n<td><strong>TITULO DE LAS CLASES<\/strong><\/td>\n<td><strong>PROFESORADO<\/strong><\/td>\n<\/tr>\n<tr>\n<td>3.1<\/td>\n<td>Introducci\u00f3n: no s\u00f3lo rosa y azul.<\/td>\n<td>Anastasia T\u00e9llez Infantes<\/td>\n<\/tr>\n<tr>\n<td>3.2<\/td>\n<td>\u00a1No todos los hombres son-somos iguales!<\/td>\n<td>Carmen Ruiz Repullo<\/td>\n<\/tr>\n<tr>\n<td>3.3<\/td>\n<td>Atr\u00e9vete si eres hombre.<\/td>\n<td>Carmen Ruiz Repullo<\/td>\n<\/tr>\n<tr>\n<td>3.4<\/td>\n<td>Del riesgo al exceso: socializaci\u00f3n masculina.<\/td>\n<td>Carmen Ruiz Repullo<\/td>\n<\/tr>\n<tr>\n<td>3.5<\/td>\n<td>La er\u00f3tica del \u201cchulillo\u201d.<\/td>\n<td>Carmen Ruiz Repullo<\/td>\n<\/tr>\n<tr>\n<td>3.6<\/td>\n<td>La machosfera como generadora de modelos de masculinidad.<\/td>\n<td>Carmen Ruiz Repullo<\/td>\n<\/tr>\n<tr>\n<td>3.7<\/td>\n<td>Masculinidad y sexualidad: pornodeseos.<\/td>\n<td>Carmen Ruiz Repullo<\/td>\n<\/tr>\n<tr>\n<td>3.8<\/td>\n<td>Construir modelos igualitarios de masculinidad.<\/td>\n<td>Carmen Ruiz Repullo<\/td>\n<\/tr>\n<tr>\n<td>3.9<\/td>\n<td>Aprendiendo a ser hombres; espacios-tiempos (de la diferencia) a lo largo de la vida.<\/td>\n<td>Joan Sanf\u00e9lix Albelda<\/td>\n<\/tr>\n<tr>\n<td>3.10<\/td>\n<td>Balones y mu\u00f1ecas.<\/td>\n<td>Joan Sanf\u00e9lix Albelda<\/td>\n<\/tr>\n<tr>\n<td>3.11<\/td>\n<td>\u201cFer arca\u201d.<\/td>\n<td>Joan Sanf\u00e9lix Albelda<\/td>\n<\/tr>\n<tr>\n<td>3.12<\/td>\n<td>Pr\u00e1cticas de riesgo: los espacios acu\u00e1ticos y la performance de la masculinidad.<\/td>\n<td>Joan Sanf\u00e9lix Albelda<\/td>\n<\/tr>\n<tr>\n<td>3.13<\/td>\n<td>El f\u00fatbol como dispositivo constructor de la diferencia.<\/td>\n<td>Joan Sanf\u00e9lix Albelda<\/td>\n<\/tr>\n<tr>\n<td>3.14<\/td>\n<td>El deseo heteronormativizado: merodeando los prost\u00edbulos temerosamente.<\/td>\n<td>Joan Sanf\u00e9lix Albelda<\/td>\n<\/tr>\n<tr>\n<td>3.15<\/td>\n<td>El grupo de iguales como intensificador.<\/td>\n<td>Joan Sanf\u00e9lix Albelda<\/td>\n<\/tr>\n<\/tbody>\n<\/table>\n<p>&nbsp;<\/p>\n<p style=\"text-align: center\"><span style=\"color: #538135\"><strong>TEMA 4<br \/><\/strong><strong>EL FEMINISMO Y LOS HOMBRES<\/strong><\/span><\/p>\n<table>\n<tbody>\n<tr>\n<td><strong>CLASES<\/strong><\/td>\n<td><strong>TITULO DE LAS CLASES<\/strong><\/td>\n<td><strong>PROFESORADO<\/strong><\/td>\n<\/tr>\n<tr>\n<td>4.1<\/td>\n<td>Introducci\u00f3n: olas y contraolas ante la igualdad.<\/td>\n<td>Anastasia T\u00e9llez Infantes<\/td>\n<\/tr>\n<tr>\n<td>4.2<\/td>\n<td>\u00bfQu\u00e9 es el Feminismo?<\/td>\n<td>Fernando Herranz Vel\u00e1zquez<\/td>\n<\/tr>\n<tr>\n<td>4.3<\/td>\n<td>\u00bfTiene el feminismo historia? Olas, teor\u00edas y or\u00edgenes.<\/td>\n<td>Fernando Herranz Vel\u00e1zquez<\/td>\n<\/tr>\n<tr>\n<td>4.4<\/td>\n<td>\u00bfD\u00f3nde nos encontramos? 4\u00aa ola feminista.<\/td>\n<td>Fernando Herranz Vel\u00e1zquez<\/td>\n<\/tr>\n<tr>\n<td>4.5<\/td>\n<td>Hombres feministas.<\/td>\n<td>Fernando Herranz Vel\u00e1zquez<\/td>\n<\/tr>\n<tr>\n<td>4.6<\/td>\n<td>Controversias en el Feminismo: el papel de los hombres.<\/td>\n<td>Fernando Herranz Vel\u00e1zquez<\/td>\n<\/tr>\n<tr>\n<td>4.7<\/td>\n<td>Estructura y capacidad de agencia.<\/td>\n<td>Jorge Cascales Ribera<\/td>\n<\/tr>\n<tr>\n<td>4.8<\/td>\n<td>Tipos de grupos de hombres 1.<\/td>\n<td>Jorge Cascales Ribera<\/td>\n<\/tr>\n<tr>\n<td>4.9<\/td>\n<td>Tipos de grupos de hombres 2.<\/td>\n<td>Jorge Cascales Ribera<\/td>\n<\/tr>\n<tr>\n<td>4.10<\/td>\n<td>Lo personal es pol\u00edtico: el trabajo interno y el trabajo externo.<\/td>\n<td>Jorge Cascales Ribera<\/td>\n<\/tr>\n<tr>\n<td>4.11<\/td>\n<td>La participaci\u00f3n de los hombres m\u00e1s all\u00e1 del activismo: hacer los espacios feministas.<\/td>\n<td>Jorge Cascales Ribera<\/td>\n<\/tr>\n<tr>\n<td>4.12<\/td>\n<td>Experiencias de participaci\u00f3n social de los hombres ante la lucha por la igualdad: sus inicios.<\/td>\n<td>Jorge Cascales Ribera<\/td>\n<\/tr>\n<tr>\n<td>4.13<\/td>\n<td>Experiencias de participaci\u00f3n social de los hombres ante la lucha por la igualdad: actualidad.<\/td>\n<td>Jorge Cascales Ribera<\/td>\n<\/tr>\n<tr>\n<td>4.14<\/td>\n<td>Agenda Feminista para hombres.<\/td>\n<td>Fernando Herranz Vel\u00e1zquez<\/td>\n<\/tr>\n<tr>\n<td>4.15<\/td>\n<td>Reclamas de los hombres feministas en el siglo XXI.<\/td>\n<td>Fernando Herranz Vel\u00e1zquez<\/td>\n<\/tr>\n<\/tbody>\n<\/table>\n<p>&nbsp;<\/p>\n<p style=\"text-align: center\"><span style=\"color: #538135\"><strong>TEMA 5<br \/><\/strong><strong>\u00a0HOMBRES, IGUALDAD, G\u00c9NERO, TRABAJO<\/strong><\/span><\/p>\n<table>\n<tbody>\n<tr>\n<td><strong>CLASES<\/strong><\/td>\n<td><strong>TITULO DE LAS CLASES<\/strong><\/td>\n<td><strong>PROFESORADO<\/strong><\/td>\n<\/tr>\n<tr>\n<td>5.1<\/td>\n<td>Introducci\u00f3n: la construcci\u00f3n cultural del trabajo.<\/td>\n<td>Anastasia T\u00e9llez Infantes<\/td>\n<\/tr>\n<tr>\n<td>5.2<\/td>\n<td>Trabajo productivo y trabajo reproductivo con perspectiva de g\u00e9nero.<\/td>\n<td>Anastasia T\u00e9llez Infantes<\/td>\n<\/tr>\n<tr>\n<td>5.3<\/td>\n<td>Roles de g\u00e9nero y trabajo: a vueltas con la socializaci\u00f3n diferenciada.<\/td>\n<td>Anastasia T\u00e9llez Infantes<\/td>\n<\/tr>\n<tr>\n<td>5.4<\/td>\n<td>La identidad socioprofesional y el g\u00e9nero.<\/td>\n<td>Anastasia T\u00e9llez Infantes<\/td>\n<\/tr>\n<tr>\n<td>5.5<\/td>\n<td>Trabajo dom\u00e9stico y mujer: \u201cla reina de la casa\u201d y \u201cla esclava del hogar\u201d<\/td>\n<td>Anastasia T\u00e9llez Infantes<\/td>\n<\/tr>\n<tr>\n<td>5.6<\/td>\n<td>Democratizar la vida dom\u00e9stica: el papel de los hombres.<\/td>\n<td>Anastasia T\u00e9llez Infantes<\/td>\n<\/tr>\n<tr>\n<td>5.7<\/td>\n<td>Las estrategias dom\u00e9sticas, la \u00e9tica del cuidado, la culpa y la carga mental.<\/td>\n<td>Anastasia T\u00e9llez Infantes<\/td>\n<\/tr>\n<tr>\n<td>5.8<\/td>\n<td>Tiempos y espacios productivos y reproductivos de hombres y de mujeres. La doble y triple jornada.<\/td>\n<td>Anastasia T\u00e9llez Infantes<\/td>\n<\/tr>\n<tr>\n<td>5.9<\/td>\n<td>La desigualdad de g\u00e9nero en el \u00e1mbito laboral: techo de cristal, suelo pegajoso y abismo transparente.<\/td>\n<td>Anastasia T\u00e9llez Infantes<\/td>\n<\/tr>\n<tr>\n<td>5.10<\/td>\n<td>De \u201cbread winner\u201d a \u201chombre mantenido por su mujer\u201d: paro y repercusiones en los hombres.<\/td>\n<td>Anastasia T\u00e9llez Infantes<\/td>\n<\/tr>\n<tr>\n<td>5.11<\/td>\n<td>La gesti\u00f3n de la incertidumbre y la masculinidad tradicional: crisis y desempleo.<\/td>\n<td>Anastasia T\u00e9llez Infantes<\/td>\n<\/tr>\n<tr>\n<td>5.12<\/td>\n<td>La jubilaci\u00f3n de los hombres: conocer, entender y cambiar.<\/td>\n<td>Anastasia T\u00e9llez Infantes<\/td>\n<\/tr>\n<tr>\n<td>5.13<\/td>\n<td>Respuestas de los hombres ante la pandemia de Covid 19 dentro y fuera de casa.<\/td>\n<td>Anastasia T\u00e9llez Infantes<\/td>\n<\/tr>\n<tr>\n<td>5.14<\/td>\n<td>Compatibilizar, conciliar y corresponsabilidad: ni es lo mismo ni es igual.<\/td>\n<td>Anastasia T\u00e9llez Infantes<\/td>\n<\/tr>\n<tr>\n<td>5.15<\/td>\n<td>Hombres, proveedores, cuidadores, corresponsables e igualitarios: donde las leyes no llegan lo hace la coeducaci\u00f3n.<\/td>\n<td>Anastasia T\u00e9llez Infantes<\/td>\n<\/tr>\n<\/tbody>\n<\/table>\n<p>&nbsp;<\/p>\n<p style=\"text-align: center\"><span style=\"color: #538135\"><strong>TEMA 6<br \/><\/strong><strong>HOMBRES Y CUIDADOS\u00a0<\/strong><\/span><\/p>\n<table>\n<tbody>\n<tr>\n<td><strong>CLASES<\/strong><\/td>\n<td><strong>TITULO DE LAS CLASES<\/strong><\/td>\n<td><strong>PROFESORADO<\/strong><\/td>\n<\/tr>\n<tr>\n<td>6.1<\/td>\n<td>Introducci\u00f3n: la \u00e9tica del cuidado y los hombres \u00bfotra sociedad es posible?<\/td>\n<td>Anastasia T\u00e9llez Infantes<\/td>\n<\/tr>\n<tr>\n<td>6.2<\/td>\n<td>La Revoluci\u00f3n de los Cuidados: mutuos y <span style=\"color: #538135\">compartidos.<\/span><\/td>\n<td>Coral Herrera G\u00f3mez<\/td>\n<\/tr>\n<tr>\n<td>6.3<\/td>\n<td>C\u00f3mo cuidar mi autoestima y mi autonom\u00eda.<\/td>\n<td>Coral Herrera G\u00f3mez<\/td>\n<\/tr>\n<tr>\n<td>6.4<\/td>\n<td>C\u00f3mo practicar la autocr\u00edtica amorosa para ser mejor persona<\/td>\n<td>Coral Herrera G\u00f3mez<\/td>\n<\/tr>\n<tr>\n<td>6.5<\/td>\n<td>C\u00f3mo empezar el camino hacia la liberaci\u00f3n (de los patriarcados que me habitan).<\/td>\n<td>Coral Herrera G\u00f3mez<\/td>\n<\/tr>\n<tr>\n<td>6.6<\/td>\n<td>C\u00f3mo cuidar mi relaci\u00f3n de pareja.<\/td>\n<td>Coral Herrera G\u00f3mez<\/td>\n<\/tr>\n<tr>\n<td>6.7<\/td>\n<td>C\u00f3mo cuidar mi relaci\u00f3n con las mujeres de mi vida.<\/td>\n<td>Coral Herrera G\u00f3mez<\/td>\n<\/tr>\n<tr>\n<td>6.8<\/td>\n<td>C\u00f3mo cuidarme para disfrutar de una buena vida.<\/td>\n<td>Coral Herrera G\u00f3mez<\/td>\n<\/tr>\n<tr>\n<td>6.9<\/td>\n<td>\u00a1No tengo tiempo para nada!: el tiempo como valor de la masculinidad.<\/td>\n<td>Carmen Ruiz Repullo<\/td>\n<\/tr>\n<tr>\n<td>6.10<\/td>\n<td>En el sexo todo es ponerse\u2026 \u00bfo no? Cuidar es respetar los \u201cnoes\u201d.<\/td>\n<td>Carmen Ruiz Repullo<\/td>\n<\/tr>\n<tr>\n<td>6.11<\/td>\n<td>\u201cLo que no s\u00e9 ve, s\u00ed existe\u201d: cuidar los espacios comunes.<\/td>\n<td>Carmen Ruiz Repullo<\/td>\n<\/tr>\n<tr>\n<td>6.12<\/td>\n<td>Cuidar a quienes nos cuidaron: cuidados a personas mayores.<\/td>\n<td>Carmen Ruiz Repullo<\/td>\n<\/tr>\n<tr>\n<td>6.13<\/td>\n<td>\u201cPap\u00e1, \u00bfme atiendes? Cuidar no es estar, es atender.<\/td>\n<td>Carmen Ruiz Repullo<\/td>\n<\/tr>\n<tr>\n<td>6.14<\/td>\n<td>\u201cYo hago las compras\u201d: cuidar desde lo privado.<\/td>\n<td>Carmen Ruiz Repullo<\/td>\n<\/tr>\n<tr>\n<td>6.15<\/td>\n<td>Hiperrevalorizaci\u00f3n de los cuidados masculinos.<\/td>\n<td>Carmen Ruiz Repullo<\/td>\n<\/tr>\n<\/tbody>\n<\/table>\n<p>&nbsp;<\/p>\n<p style=\"text-align: center\"><span style=\"color: #538135\"><strong>TEMA 7<br \/><\/strong><strong>HOMBRES Y CORRESPONSABILIDAD:\u00a0<\/strong><strong><em>HOMO RESPONSABLES<\/em><\/strong><\/span><\/p>\n<table>\n<tbody>\n<tr>\n<td><strong>CLASES<\/strong><\/td>\n<td><strong>TITULO DE LAS CLASES<\/strong><\/td>\n<td><strong>PROFESORADO<\/strong><\/td>\n<\/tr>\n<tr>\n<td>7.1<\/td>\n<td>Introducci\u00f3n: hombres, igualdad de g\u00e9nero y corresponsabilidad.<\/td>\n<td>Anastasia T\u00e9llez Infantes<\/td>\n<\/tr>\n<tr>\n<td>7.2<\/td>\n<td>\u00bfY si repartimos la carpetita? Carga mental y emocional de los cuidados.<\/td>\n<td>Bakea Alonso Fern\u00e1ndez de Avil\u00e9s<\/td>\n<\/tr>\n<tr>\n<td>7.3<\/td>\n<td>En casa de herrero<\/td>\n<td>Bakea Alonso Fern\u00e1ndez de Avil\u00e9s<\/td>\n<\/tr>\n<tr>\n<td>7.4<\/td>\n<td>Los lunes al sol: hombres en desempleo.<\/td>\n<td>Bakea Alonso Fern\u00e1ndez de Avil\u00e9s<\/td>\n<\/tr>\n<tr>\n<td>7.5<\/td>\n<td>Acoso sexual, sino t\u00fa \u00bfentonces qui\u00e9n?<\/td>\n<td>Bakea Alonso Fern\u00e1ndez de Avil\u00e9s<\/td>\n<\/tr>\n<tr>\n<td>7.6<\/td>\n<td>Me too: el silencio nos hace c\u00f3mplices.<\/td>\n<td>Bakea Alonso Fern\u00e1ndez de Avil\u00e9s<\/td>\n<\/tr>\n<tr>\n<td>7.7<\/td>\n<td>Hombres feministas, haberlos haylos.<\/td>\n<td>Bakea Alonso Fern\u00e1ndez de Avil\u00e9s<\/td>\n<\/tr>\n<tr>\n<td>7.8<\/td>\n<td>Campa\u00f1as<\/td>\n<td>Bakea Alonso Fern\u00e1ndez de Avil\u00e9s<\/td>\n<\/tr>\n<tr>\n<td>7.9<\/td>\n<td>Homo sapiens, curantis homo.<\/td>\n<td>Ritxar Bacete Gonz\u00e1lez<\/td>\n<\/tr>\n<tr>\n<td>7.10<\/td>\n<td>Biolog\u00eda de los cuidados para culturas de buena vida.<\/td>\n<td>Ritxar Bacete Gonz\u00e1lez<\/td>\n<\/tr>\n<tr>\n<td>7.11<\/td>\n<td>Paternidades que transforman: mueve lo que conmueve.<\/td>\n<td>Ritxar Bacete Gonz\u00e1lez<\/td>\n<\/tr>\n<tr>\n<td>7.12<\/td>\n<td>Masculinidades y crianza en clave de paz.<\/td>\n<td>Ritxar Bacete Gonz\u00e1lez<\/td>\n<\/tr>\n<tr>\n<td>7.13<\/td>\n<td>Hombres que cuidan a quienes les cuidaron. Masculinidades y cuidado a mayores.<\/td>\n<td>Ritxar Bacete Gonz\u00e1lez<\/td>\n<\/tr>\n<tr>\n<td>7.14<\/td>\n<td>Cuidar y bientratar a ni\u00f1os, adolescentes y j\u00f3venes es una tarea pendiente: Global Boyhood Initiative y Man Box.<\/td>\n<td>Ritxar Bacete Gonz\u00e1lez<\/td>\n<\/tr>\n<tr>\n<td>7.15<\/td>\n<td>IMAGES: el estado de los hombres cuidadores en Espa\u00f1a y el mundo.<\/td>\n<td>Ritxar Bacete Gonz\u00e1lez<\/td>\n<\/tr>\n<\/tbody>\n<\/table>\n<p>&nbsp;<\/p>\n<p style=\"text-align: center\"><span style=\"color: #538135\"><strong>TEMA 8<br \/><\/strong><strong>HOMBRES Y CORRESPONSABILIDAD CON PERSPECTIVA DE G\u00c9NERO<\/strong><\/span><\/p>\n<table>\n<tbody>\n<tr>\n<td><strong>CLASES<\/strong><\/td>\n<td><strong>TITULO DE LAS CLASES<\/strong><\/td>\n<td><strong>PROFESORADO<\/strong><\/td>\n<\/tr>\n<tr>\n<td>8.1<\/td>\n<td>Introducci\u00f3n: hombres y corresponsabilidad con perspectiva de g\u00e9nero.<\/td>\n<td>Anastasia T\u00e9llez Infantes<\/td>\n<\/tr>\n<tr>\n<td>8.2<\/td>\n<td>De la conciliaci\u00f3n a la corresponsabilidad. Matices jur\u00eddicos que garantizan un disfrute corresponsable de los permisos y licencias.<\/td>\n<td>Rosario Carmona Paredes<\/td>\n<\/tr>\n<tr>\n<td>8.3<\/td>\n<td>R\u00e9gimen jur\u00eddico del permiso por nacimiento. Posibilidades de disfrute.<\/td>\n<td>Rosario Carmona Paredes<\/td>\n<\/tr>\n<tr>\n<td>8.4<\/td>\n<td>Revisi\u00f3n de medidas laborales en el empleo p\u00fablico y privado para el cuidado de hijos e hijas.<\/td>\n<td>Rosario Carmona Paredes<\/td>\n<\/tr>\n<tr>\n<td>8.5<\/td>\n<td>Revisi\u00f3n de medidas laborales en el empleo p\u00fablico y privado para el cuidado de familiares.<\/td>\n<td>Rosario Carmona Paredes<\/td>\n<\/tr>\n<tr>\n<td>8.6<\/td>\n<td>\u00bfPermisos consecutivos o simult\u00e1neos? Aclarando dudas<\/td>\n<td>Miguel Gonz\u00e1lez L\u00e1zaro<\/td>\n<\/tr>\n<tr>\n<td>8.7<\/td>\n<td>\u201cA mi jefe no le va a gustar\u201d y otros obst\u00e1culos que afrontan los hombres cuidadores<\/td>\n<td>Miguel Gonz\u00e1lez L\u00e1zaro<\/td>\n<\/tr>\n<tr>\n<td>8.8<\/td>\n<td>Los hombres no saben cuidar y m\u00e1s mitos a desmontar<\/td>\n<td>Miguel Gonz\u00e1lez L\u00e1zaro<\/td>\n<\/tr>\n<tr>\n<td>8.9<\/td>\n<td>Nadie dijo que fuera f\u00e1cil: c\u00f3mo apoyar la corresponsabilidad de los hombres<\/td>\n<td>Miguel Gonz\u00e1lez L\u00e1zaro<\/td>\n<\/tr>\n<tr>\n<td>8.10<\/td>\n<td>De lo personal a lo social: los hombres como agentes de cambio<\/td>\n<td>Miguel Gonz\u00e1lez L\u00e1zaro<\/td>\n<\/tr>\n<tr>\n<td>8.11<\/td>\n<td>Experiencias internacionales que funcionan<\/td>\n<td>Miguel Gonz\u00e1lez L\u00e1zaro<\/td>\n<\/tr>\n<tr>\n<td>8.12<\/td>\n<td>La corresponsabilidad no se logra en un d\u00eda: recursos para el cambio.<\/td>\n<td>Miguel Gonz\u00e1lez L\u00e1zaro<\/td>\n<\/tr>\n<tr>\n<td>8.13<\/td>\n<td>El viaje: migraci\u00f3n y g\u00e9nero<\/td>\n<td>Ritxar Bacete<\/td>\n<\/tr>\n<tr>\n<td>8.14<\/td>\n<td>El trabajador \u201cchampi\u00f1\u00f3n\u201d: el mito de la independencia<\/td>\n<td>Ritxar Bacete<\/td>\n<\/tr>\n<tr>\n<td>8.15<\/td>\n<td>Campa\u00f1as: \u00bfqu\u00e9 funciona y qu\u00e9 no tanto?<\/td>\n<td>Ritxar Bacete<\/td>\n<\/tr>\n<tr>\n<td>8.16<\/td>\n<td>Estrategias para alcanzar nuestro objetivo: \u00bfc\u00f3mo dar de comer a un caballo que no tiene sed?<\/td>\n<td>Miguel Gonz\u00e1lez L\u00e1zaro<\/td>\n<\/tr>\n<tr>\n<td>8.17<\/td>\n<td>Formador o formadora. \u00bfimporta el sexo?<\/td>\n<td>Miguel Gonz\u00e1lez L\u00e1zaro<\/td>\n<\/tr>\n<tr>\n<td>8.18<\/td>\n<td>Evaluando los cambios: \u00bfqu\u00e9 medimos?<\/td>\n<td>Bakea Alonso Fern\u00e1ndez de Avil\u00e9s<\/td>\n<\/tr>\n<tr>\n<td>8.19<\/td>\n<td>Lecturas que inspiran<\/td>\n<td>Miguel Gonz\u00e1lez L\u00e1zaro<\/td>\n<\/tr>\n<tr>\n<td>8.20<\/td>\n<td>\u00bfY ahora qu\u00e9? Reflexiones sobre la corresponsabilidad de los hombres con los cuidados y la igualdad de g\u00e9nero.<\/td>\n<td>Anastasia T\u00e9llez Infantes<\/td>\n<\/tr>\n<\/tbody>\n<\/table>\n<p>[\/et_pb_text][\/et_pb_column][\/et_pb_row][\/et_pb_section]<\/p>\n","protected":false},"excerpt":{"rendered":"<p>TemarioEste curso \u201cHOMBRES Y CORRESPONSABILIDAD\u201d consta de 8 temas. TEMAS TEMA 1 CONCEPTOS B\u00c1SICOS SOBRE IGUALDAD DE G\u00c9NERO TEMA 2 LOS HOMBRES Y LAS MASCULINIDAD(ES): APROXIMACI\u00d3N DESDE LA IGUALDAD TEMA 3 SOCIALIZACI\u00d3N DIFERENCIADA, HOMBRES Y MANDATOS DE G\u00c9NERO TEMA 4 EL FEMINISMO Y LOS HOMBRES TEMA 5 HOMBRES, IGUALDAD, G\u00c9NERO Y TRABAJO TEMA 6 HOMBRES [&hellip;]<\/p>\n","protected":false},"author":25245,"featured_media":0,"parent":2370,"menu_order":0,"comment_status":"closed","ping_status":"closed","template":"","meta":{"_et_pb_use_builder":"on","_et_pb_old_content":"","_et_gb_content_width":"","_links_to":"","_links_to_target":""},"_links":{"self":[{"href":"https:\/\/formacionmasculinidades.umh.es\/ca\/wp-json\/wp\/v2\/pages\/2400"}],"collection":[{"href":"https:\/\/formacionmasculinidades.umh.es\/ca\/wp-json\/wp\/v2\/pages"}],"about":[{"href":"https:\/\/formacionmasculinidades.umh.es\/ca\/wp-json\/wp\/v2\/types\/page"}],"author":[{"embeddable":true,"href":"https:\/\/formacionmasculinidades.umh.es\/ca\/wp-json\/wp\/v2\/users\/25245"}],"replies":[{"embeddable":true,"href":"https:\/\/formacionmasculinidades.umh.es\/ca\/wp-json\/wp\/v2\/comments?post=2400"}],"version-history":[{"count":0,"href":"https:\/\/formacionmasculinidades.umh.es\/ca\/wp-json\/wp\/v2\/pages\/2400\/revisions"}],"up":[{"embeddable":true,"href":"https:\/\/formacionmasculinidades.umh.es\/ca\/wp-json\/wp\/v2\/pages\/2370"}],"wp:attachment":[{"href":"https:\/\/formacionmasculinidades.umh.es\/ca\/wp-json\/wp\/v2\/media?parent=2400"}],"curies":[{"name":"wp","href":"https:\/\/api.w.org\/{rel}","templated":true}]}}