{"id":2530,"date":"2024-05-16T12:29:10","date_gmt":"2024-05-16T10:29:10","guid":{"rendered":"https:\/\/formacionmasculinidades.umh.es\/?page_id=2530"},"modified":"2024-06-10T17:20:43","modified_gmt":"2024-06-10T15:20:43","slug":"presentacion-hombres-violencias","status":"publish","type":"page","link":"https:\/\/formacionmasculinidades.umh.es\/en\/oferta-formativa\/hombres-violencia-genero\/presentacion-hombres-violencias\/","title":{"rendered":"Borrador autom\u00e1tico"},"content":{"rendered":"<p>[et_pb_section fb_built=&#8221;1&#8243; _builder_version=&#8221;4.17.4&#8243; _module_preset=&#8221;default&#8221; background_enable_color=&#8221;off&#8221; background_image=&#8221;https:\/\/formacionmasculinidades.umh.es\/files\/2024\/06\/banner-masculinidades-1.png&#8221; width=&#8221;100%&#8221; module_alignment=&#8221;center&#8221; height=&#8221;270px&#8221; height_tablet=&#8221;270px&#8221; height_phone=&#8221;270px&#8221; height_last_edited=&#8221;on|phone&#8221; collapsed=&#8221;off&#8221; global_colors_info=&#8221;{}&#8221; theme_builder_area=&#8221;post_content&#8221;][\/et_pb_section][et_pb_section fb_built=&#8221;1&#8243; _builder_version=&#8221;4.17.4&#8243; _module_preset=&#8221;default&#8221; global_colors_info=&#8221;{}&#8221;][et_pb_row _builder_version=&#8221;4.17.4&#8243; _module_preset=&#8221;default&#8221; global_colors_info=&#8221;{}&#8221;][et_pb_column type=&#8221;4_4&#8243; _builder_version=&#8221;4.17.4&#8243; _module_preset=&#8221;default&#8221; global_colors_info=&#8221;{}&#8221;][et_pb_menu menu_id=&#8221;1480880&#8243; menu_style=&#8221;centered&#8221; active_link_color=&#8221;#8300E9&#8243; _builder_version=&#8221;4.17.4&#8243; _module_preset=&#8221;default&#8221; menu_font=&#8221;|700|||||||&#8221; menu_text_color=&#8221;#8300E9&#8243; menu_font_size=&#8221;19px&#8221; border_width_all=&#8221;3px&#8221; border_color_all=&#8221;#8300E9&#8243; global_colors_info=&#8221;{}&#8221;][\/et_pb_menu][\/et_pb_column][\/et_pb_row][\/et_pb_section][et_pb_section fb_built=&#8221;1&#8243; _builder_version=&#8221;4.17.4&#8243; _module_preset=&#8221;default&#8221; global_colors_info=&#8221;{}&#8221;][et_pb_row _builder_version=&#8221;4.17.4&#8243; _module_preset=&#8221;default&#8221; global_colors_info=&#8221;{}&#8221;][et_pb_column type=&#8221;4_4&#8243; _builder_version=&#8221;4.17.4&#8243; _module_preset=&#8221;default&#8221; global_colors_info=&#8221;{}&#8221;][et_pb_text admin_label=&#8221;Presentaci\u00f3n&#8221; _builder_version=&#8221;4.17.4&#8243; _module_preset=&#8221;default&#8221; global_colors_info=&#8221;{}&#8221;]<\/p>\n<h2 style=\"text-align: center\"><strong>Presentaci\u00f3n<\/strong><\/h2>\n<p>[\/et_pb_text][et_pb_divider color=&#8221;#8300E9&#8243; _builder_version=&#8221;4.17.4&#8243; _module_preset=&#8221;default&#8221; global_colors_info=&#8221;{}&#8221;][\/et_pb_divider][et_pb_text admin_label=&#8221;detalles informaci\u00f3n general&#8221; _builder_version=&#8221;4.17.4&#8243; _module_preset=&#8221;default&#8221; global_colors_info=&#8221;{}&#8221;]<\/p>\n<p style=\"text-align: justify\">Esta propuesta de formaci\u00f3n universitaria permanente titulada <strong>\u201cHOMBRES IGUALITARIOS: PREVENIR LAS VIOLENCIAS DE G\u00c9NERO\u201d<\/strong>\u00a0en modalidad <em>online<\/em> surge desde el <strong>Observatorio de las Masculinidades<\/strong> de la UMH tras la demanda detectada de formaci\u00f3n especializada para hombres en masculinidades igualitarias y prevenci\u00f3n de las violencias machistas ejercidas contra las mujeres.<\/p>\n<p style=\"text-align: justify\">Este curso va <strong>destinado a hombres<\/strong>, aunque tambi\u00e9n puede ser cursado por mujeres, y se centra en tem\u00e1ticas sobre igualdad, masculinidades, g\u00e9nero y violencias de g\u00e9nero, con un enfoque interdisciplinar que conjuga lo te\u00f3rico con la pr\u00e1ctica destinada a la intervenci\u00f3n. En la l\u00ednea marcada en el <em>Acuerdo de la Conferencia Sectorial de Igualdad<\/em>, de 3 de marzo de 2023, publicado el de 23 de marzo de 2023 en el BOE n\u00fam. 67 p\u00e1g. 41813-41841, y del objetivo de actuaci\u00f3n 1.3.01, de la sub\u00e1rea de informaci\u00f3n, sensibilizaci\u00f3n y toma de conciencia del <em>Cat\u00e1logo de referencia de pol\u00edticas y servicios en materia de violencia contra las mujeres conforme a los est\u00e1ndares internacionales de derechos humanos<\/em>, derivado del Grupo de Trabajo del Pacto de Estado contra la Violencia de G\u00e9nero.<\/p>\n<p style=\"text-align: justify\">Este curso cuenta con un equipo de diecinueve docentes expertos y expertas en masculinidades, violencia machista e igualdad de g\u00e9nero. Sus integrantes provienen de diversas universidades tales como la Universidad Complutense de Madrid, la Universidad de Alicante, La Universidad de Valladolid, la Universidad de Granada, la Universidad de Valencia, la Universidad Jaume I de Castell\u00f3n y la Universidad Miguel Hern\u00e1ndez de Elche.<\/p>\n<p style=\"text-align: justify\">Todas las personas de este equipo docente colaboran con el <strong>Observatorio de las Masculinidades<\/strong> (UMH) y la mayor\u00eda forma parte del profesorado de nuestro <strong><em>T\u00edtulo de Especialista Universitario en Masculinidades G\u00e9nero e Igualdad<\/em><\/strong> que desde la Universidad Miguel Hern\u00e1ndez de Elche venimos ofertando desde hace ya cuatro a\u00f1os con una excelente acogida.<\/p>\n<p style=\"text-align: justify\">Tengamos presente que los estudios sobre masculinidades, desde hace ya varias d\u00e9cadas, representan un \u00e1mbito de inter\u00e9s social y acad\u00e9mico. La Uni\u00f3n Europea en su Sesi\u00f3n n.\u00ba 2767 de Consejo, bajo la denominaci\u00f3n &#8220;Los hombres y la igualdad de g\u00e9nero&#8221; plantea entre otras cuestiones, lo siguiente:<\/p>\n<blockquote>\n<p style=\"text-align: justify\">\u201cPara mejorar la situaci\u00f3n de las mujeres y fomentar la igualdad de g\u00e9nero, debe prestarse mayor atenci\u00f3n al modo en que los hombres se involucran en la consecuci\u00f3n de la igualdad de g\u00e9nero y al impacto positivo que \u00e9sta tiene sobre los hombres y sobre el bienestar de la sociedad en su conjunto\u201d.<\/p>\n<\/blockquote>\n<p style=\"text-align: justify\">Siguiendo lo postulado en los puntos 1 y 4 del art\u00edculo 12 del Convenio de Estambul, donde se especifica la necesidad de \u201cpromover los cambios en los modos de comportamiento socioculturales de las mujeres y los hombres con vistas a erradicar [\u2026] la idea de la inferioridad de la mujer\u201d, as\u00ed como \u201ctomar las medidas necesarias para animar a todos los miembros de la sociedad, en particular los hombres y los ni\u00f1os, a contribuir activamente a la prevenci\u00f3n de todas las formas de violencia\u201d.<\/p>\n<p style=\"text-align: justify\">Desde el Observatorio de las Masculinidades tenemos la convicci\u00f3n de que debemos impulsar una formaci\u00f3n universitaria especializada en igualdad de g\u00e9nero y masculinidades, centr\u00e1ndonos en prevenir todas las formas de violencias machistas contra las mujeres.<\/p>\n<p>[\/et_pb_text][\/et_pb_column][\/et_pb_row][\/et_pb_section]<\/p>\n","protected":false},"excerpt":{"rendered":"<p>Presentaci\u00f3nEsta propuesta de formaci\u00f3n universitaria permanente titulada \u201cHOMBRES IGUALITARIOS: PREVENIR LAS VIOLENCIAS DE G\u00c9NERO\u201d\u00a0en modalidad online surge desde el Observatorio de las Masculinidades de la UMH tras la demanda detectada de formaci\u00f3n especializada para hombres en masculinidades igualitarias y prevenci\u00f3n de las violencias machistas ejercidas contra las mujeres. Este curso va destinado a hombres, aunque [&hellip;]<\/p>\n","protected":false},"author":25245,"featured_media":0,"parent":2521,"menu_order":0,"comment_status":"closed","ping_status":"closed","template":"","meta":{"_et_pb_use_builder":"on","_et_pb_old_content":"","_et_gb_content_width":"","_links_to":"","_links_to_target":""},"_links":{"self":[{"href":"https:\/\/formacionmasculinidades.umh.es\/en\/wp-json\/wp\/v2\/pages\/2530"}],"collection":[{"href":"https:\/\/formacionmasculinidades.umh.es\/en\/wp-json\/wp\/v2\/pages"}],"about":[{"href":"https:\/\/formacionmasculinidades.umh.es\/en\/wp-json\/wp\/v2\/types\/page"}],"author":[{"embeddable":true,"href":"https:\/\/formacionmasculinidades.umh.es\/en\/wp-json\/wp\/v2\/users\/25245"}],"replies":[{"embeddable":true,"href":"https:\/\/formacionmasculinidades.umh.es\/en\/wp-json\/wp\/v2\/comments?post=2530"}],"version-history":[{"count":0,"href":"https:\/\/formacionmasculinidades.umh.es\/en\/wp-json\/wp\/v2\/pages\/2530\/revisions"}],"up":[{"embeddable":true,"href":"https:\/\/formacionmasculinidades.umh.es\/en\/wp-json\/wp\/v2\/pages\/2521"}],"wp:attachment":[{"href":"https:\/\/formacionmasculinidades.umh.es\/en\/wp-json\/wp\/v2\/media?parent=2530"}],"curies":[{"name":"wp","href":"https:\/\/api.w.org\/{rel}","templated":true}]}}